{"id":350539,"date":"2025-09-08T09:45:27","date_gmt":"2025-09-08T09:45:27","guid":{"rendered":"https:\/\/hotelkalura.com\/?post_type=evento&#038;p=350539"},"modified":"2025-09-08T14:02:24","modified_gmt":"2025-09-08T14:02:24","slug":"ritiro-di-yoga","status":"publish","type":"evento","link":"https:\/\/hotelkalura.com\/de\/evento\/ritiro-di-yoga\/","title":{"rendered":"Yoga-Retreat"},"content":{"rendered":"<div data-elementor-type=\"wp-post\" data-elementor-id=\"350539\" class=\"elementor elementor-350539\" data-elementor-post-type=\"evento\">\n\t\t\t\t\t\t<section class=\"elementor-section elementor-top-section elementor-element elementor-element-2cb7b3c0 elementor-section-content-middle elementor-section-boxed elementor-section-height-default elementor-section-height-default\" data-id=\"2cb7b3c0\" data-element_type=\"section\" data-e-type=\"section\">\n\t\t\t\t\t\t<div class=\"elementor-container elementor-column-gap-default\">\n\t\t\t\t\t<div class=\"elementor-column elementor-col-50 elementor-top-column elementor-element elementor-element-5989d423\" data-id=\"5989d423\" data-element_type=\"column\" data-e-type=\"column\">\n\t\t\t<div class=\"elementor-widget-wrap elementor-element-populated\">\n\t\t\t\t\t\t<div class=\"elementor-element elementor-element-6d894ed elementor-widget elementor-widget-text-editor\" data-id=\"6d894ed\" data-element_type=\"widget\" data-e-type=\"widget\" data-widget_type=\"text-editor.default\">\n\t\t\t\t<div class=\"elementor-widget-container\">\n\t\t\t\t\t\t\t\t\t<h3>Mit Kristina &amp; Anna<\/h3><h2>Entspannender R\u00fcckzugsort mit Meerblick<\/h2><p data-start=\"0\" data-end=\"344\">Sie wachen mit dem Rauschen der Wellen auf, w\u00e4hrend die Morgensonne das Meer schimmern l\u00e4sst. Um Sie herum der mediterrane Duft von Zitrusfr\u00fcchten und Pinien, unter Ihnen der Felsen, auf dem das elegante Hotel steht - ein Refugium direkt am Meer im Norden Siziliens.<\/p><p data-start=\"544\" data-end=\"973\" data-is-last-node=\"\" data-is-only-node=\"\">Gemeinsam laden wir Sie ein, die Verbindung zwischen K\u00f6rper, Geist und Herz in einem liebevoll gestalteten Yoga-Retreat neu zu entdecken. Umgeben von der wilden Sch\u00f6nheit Siziliens kannst du eine Woche ganz f\u00fcr dich allein verbringen: in deiner eigenen Kraft und deinem nat\u00fcrlichen Fluss. Ob Sie Ihre Praxis vertiefen, neue Impulse erhalten oder einfach einen besonderen Moment am Meer erleben wollen - bei uns sind Sie richtig.<\/p><p data-start=\"544\" data-end=\"973\" data-is-last-node=\"\" data-is-only-node=\"\"><strong>Von 11-17.04.25<\/strong><\/p>\t\t\t\t\t\t\t\t<\/div>\n\t\t\t\t<\/div>\n\t\t\t\t<div class=\"elementor-element elementor-element-bd1f783 elementor-align-left e-transform elementor-tablet-align-left elementor-mobile-align-center elementor-widget elementor-widget-button\" data-id=\"bd1f783\" data-element_type=\"widget\" data-e-type=\"widget\" data-settings=\"{&quot;_transform_translateX_effect_hover&quot;:{&quot;unit&quot;:&quot;px&quot;,&quot;size&quot;:5,&quot;sizes&quot;:[]},&quot;_transform_translateX_effect_hover_tablet&quot;:{&quot;unit&quot;:&quot;px&quot;,&quot;size&quot;:&quot;&quot;,&quot;sizes&quot;:[]},&quot;_transform_translateX_effect_hover_mobile&quot;:{&quot;unit&quot;:&quot;px&quot;,&quot;size&quot;:&quot;&quot;,&quot;sizes&quot;:[]},&quot;_transform_translateY_effect_hover&quot;:{&quot;unit&quot;:&quot;px&quot;,&quot;size&quot;:&quot;&quot;,&quot;sizes&quot;:[]},&quot;_transform_translateY_effect_hover_tablet&quot;:{&quot;unit&quot;:&quot;px&quot;,&quot;size&quot;:&quot;&quot;,&quot;sizes&quot;:[]},&quot;_transform_translateY_effect_hover_mobile&quot;:{&quot;unit&quot;:&quot;px&quot;,&quot;size&quot;:&quot;&quot;,&quot;sizes&quot;:[]}}\" data-widget_type=\"button.default\">\n\t\t\t\t<div class=\"elementor-widget-container\">\n\t\t\t\t\t\t\t\t\t<div class=\"elementor-button-wrapper\">\n\t\t\t\t\t<a class=\"elementor-button elementor-button-link elementor-size-sm\" href=\"https:\/\/www.yoga-retreat-sizilien.de\">\n\t\t\t\t\t\t<span class=\"elementor-button-content-wrapper\">\n\t\t\t\t\t\t\t\t\t<span class=\"elementor-button-text\">F\u00fcr die Veranstaltung anmelden<\/span>\n\t\t\t\t\t<\/span>\n\t\t\t\t\t<\/a>\n\t\t\t\t<\/div>\n\t\t\t\t\t\t\t\t<\/div>\n\t\t\t\t<\/div>\n\t\t\t\t\t<\/div>\n\t\t<\/div>\n\t\t\t\t<div class=\"elementor-column elementor-col-50 elementor-top-column elementor-element elementor-element-64aef2b7\" data-id=\"64aef2b7\" data-element_type=\"column\" data-e-type=\"column\">\n\t\t\t<div class=\"elementor-widget-wrap elementor-element-populated\">\n\t\t\t\t\t\t<div class=\"elementor-element elementor-element-7f84ae6c elementor-widget elementor-widget-image\" data-id=\"7f84ae6c\" data-element_type=\"widget\" data-e-type=\"widget\" data-widget_type=\"image.default\">\n\t\t\t\t<div class=\"elementor-widget-container\">\n\t\t\t\t\t\t\t\t\t\t\t\t\t\t\t<img fetchpriority=\"high\" decoding=\"async\" width=\"2048\" height=\"1216\" src=\"https:\/\/hotelkalura.com\/wp-content\/uploads\/2024\/10\/yoga-auf-sizilien-min.jpg\" class=\"attachment-full size-full wp-image-348749\" alt=\"\" srcset=\"https:\/\/hotelkalura.com\/wp-content\/uploads\/2024\/10\/yoga-auf-sizilien-min.jpg 2048w, https:\/\/hotelkalura.com\/wp-content\/uploads\/2024\/10\/yoga-auf-sizilien-min-300x178.jpg 300w, https:\/\/hotelkalura.com\/wp-content\/uploads\/2024\/10\/yoga-auf-sizilien-min-1024x608.jpg 1024w, https:\/\/hotelkalura.com\/wp-content\/uploads\/2024\/10\/yoga-auf-sizilien-min-768x456.jpg 768w, https:\/\/hotelkalura.com\/wp-content\/uploads\/2024\/10\/yoga-auf-sizilien-min-1536x912.jpg 1536w, https:\/\/hotelkalura.com\/wp-content\/uploads\/2024\/10\/yoga-auf-sizilien-min-18x12.jpg 18w\" sizes=\"(max-width: 2048px) 100vw, 2048px\" \/>\t\t\t\t\t\t\t\t\t\t\t\t\t\t\t<\/div>\n\t\t\t\t<\/div>\n\t\t\t\t\t<\/div>\n\t\t<\/div>\n\t\t\t\t\t<\/div>\n\t\t<\/section>\n\t\t\t\t<section class=\"elementor-section elementor-top-section elementor-element elementor-element-fcecdbf elementor-section-boxed elementor-section-height-default elementor-section-height-default\" data-id=\"fcecdbf\" data-element_type=\"section\" data-e-type=\"section\">\n\t\t\t\t\t\t<div class=\"elementor-container elementor-column-gap-default\">\n\t\t\t\t\t<div class=\"elementor-column elementor-col-100 elementor-top-column elementor-element elementor-element-624f70b\" data-id=\"624f70b\" data-element_type=\"column\" data-e-type=\"column\">\n\t\t\t<div class=\"elementor-widget-wrap elementor-element-populated\">\n\t\t\t\t\t\t<div class=\"elementor-element elementor-element-434cca4 elementor-widget elementor-widget-text-editor\" data-id=\"434cca4\" data-element_type=\"widget\" data-e-type=\"widget\" data-widget_type=\"text-editor.default\">\n\t\t\t\t<div class=\"elementor-widget-container\">\n\t\t\t\t\t\t\t\t\t<h2>Kontakt<\/h2><p><strong>E-Mail: <\/strong><a href=\"mailto:retreat.anmeldung@web.de\">retreat.anmeldung@web.de<\/a><\/p>\t\t\t\t\t\t\t\t<\/div>\n\t\t\t\t<\/div>\n\t\t\t\t\t<\/div>\n\t\t<\/div>\n\t\t\t\t\t<\/div>\n\t\t<\/section>\n\t\t\t\t<\/div>","protected":false},"featured_media":344909,"menu_order":0,"template":"","meta":{"_acf_changed":false},"categoria":[22],"class_list":["post-350539","evento","type-evento","status-publish","has-post-thumbnail","hentry","categoria-yoga"],"acf":[],"yoast_head":"<!-- This site is optimized with the Yoast SEO plugin v26.9 - https:\/\/yoast.com\/product\/yoast-seo-wordpress\/ -->\n<title>Ritiro di Yoga - Hotel Kalura<\/title>\n<meta name=\"robots\" content=\"index, follow, max-snippet:-1, max-image-preview:large, max-video-preview:-1\" \/>\n<link rel=\"canonical\" href=\"https:\/\/hotelkalura.com\/de\/evento\/ritiro-di-yoga\/\" \/>\n<meta property=\"og:locale\" content=\"de_DE\" \/>\n<meta property=\"og:type\" content=\"article\" \/>\n<meta property=\"og:title\" content=\"Ritiro di Yoga - Hotel Kalura\" \/>\n<meta property=\"og:description\" content=\"Con Kristina &amp; Anna Ritiro rilassante con vista mare Ti svegli con il suono delle onde, mentre il sole del mattino fa brillare il mare. Intorno a te il profumo mediterraneo di agrumi e pini, sotto di te la roccia su cui sorge l\u2019elegante hotel \u2013 un rifugio direttamente sul mare della Sicilia settentrionale. Insieme [&hellip;]\" \/>\n<meta property=\"og:url\" content=\"https:\/\/hotelkalura.com\/de\/evento\/ritiro-di-yoga\/\" \/>\n<meta property=\"og:site_name\" content=\"Hotel Kalura\" \/>\n<meta property=\"article:modified_time\" content=\"2025-09-08T14:02:24+00:00\" \/>\n<meta property=\"og:image\" content=\"https:\/\/hotelkalura.com\/wp-content\/uploads\/2022\/10\/yoga-auf-sizilien.jpg\" \/>\n\t<meta property=\"og:image:width\" content=\"2048\" \/>\n\t<meta property=\"og:image:height\" content=\"1216\" \/>\n\t<meta property=\"og:image:type\" content=\"image\/jpeg\" \/>\n<meta name=\"twitter:card\" content=\"summary_large_image\" \/>\n<meta name=\"twitter:label1\" content=\"Gesch\u00e4tzte Lesezeit\" \/>\n\t<meta name=\"twitter:data1\" content=\"2\u00a0Minuten\" \/>\n<script type=\"application\/ld+json\" class=\"yoast-schema-graph\">{\"@context\":\"https:\/\/schema.org\",\"@graph\":[{\"@type\":\"WebPage\",\"@id\":\"https:\/\/hotelkalura.com\/evento\/ritiro-di-yoga\/\",\"url\":\"https:\/\/hotelkalura.com\/evento\/ritiro-di-yoga\/\",\"name\":\"Ritiro di Yoga - Hotel Kalura\",\"isPartOf\":{\"@id\":\"https:\/\/hotelkalura.com\/#website\"},\"primaryImageOfPage\":{\"@id\":\"https:\/\/hotelkalura.com\/evento\/ritiro-di-yoga\/#primaryimage\"},\"image\":{\"@id\":\"https:\/\/hotelkalura.com\/evento\/ritiro-di-yoga\/#primaryimage\"},\"thumbnailUrl\":\"https:\/\/hotelkalura.com\/wp-content\/uploads\/2022\/10\/yoga-auf-sizilien.jpg\",\"datePublished\":\"2025-09-08T09:45:27+00:00\",\"dateModified\":\"2025-09-08T14:02:24+00:00\",\"breadcrumb\":{\"@id\":\"https:\/\/hotelkalura.com\/evento\/ritiro-di-yoga\/#breadcrumb\"},\"inLanguage\":\"de\",\"potentialAction\":[{\"@type\":\"ReadAction\",\"target\":[\"https:\/\/hotelkalura.com\/evento\/ritiro-di-yoga\/\"]}]},{\"@type\":\"ImageObject\",\"inLanguage\":\"de\",\"@id\":\"https:\/\/hotelkalura.com\/evento\/ritiro-di-yoga\/#primaryimage\",\"url\":\"https:\/\/hotelkalura.com\/wp-content\/uploads\/2022\/10\/yoga-auf-sizilien.jpg\",\"contentUrl\":\"https:\/\/hotelkalura.com\/wp-content\/uploads\/2022\/10\/yoga-auf-sizilien.jpg\",\"width\":2048,\"height\":1216},{\"@type\":\"BreadcrumbList\",\"@id\":\"https:\/\/hotelkalura.com\/evento\/ritiro-di-yoga\/#breadcrumb\",\"itemListElement\":[{\"@type\":\"ListItem\",\"position\":1,\"name\":\"Home\",\"item\":\"https:\/\/hotelkalura.com\/\"},{\"@type\":\"ListItem\",\"position\":2,\"name\":\"Ritiro di Yoga\"}]},{\"@type\":\"WebSite\",\"@id\":\"https:\/\/hotelkalura.com\/#website\",\"url\":\"https:\/\/hotelkalura.com\/\",\"name\":\"Hotel Kalura\",\"description\":\"\",\"publisher\":{\"@id\":\"https:\/\/hotelkalura.com\/#organization\"},\"potentialAction\":[{\"@type\":\"SearchAction\",\"target\":{\"@type\":\"EntryPoint\",\"urlTemplate\":\"https:\/\/hotelkalura.com\/?s={search_term_string}\"},\"query-input\":{\"@type\":\"PropertyValueSpecification\",\"valueRequired\":true,\"valueName\":\"search_term_string\"}}],\"inLanguage\":\"de\"},{\"@type\":\"Organization\",\"@id\":\"https:\/\/hotelkalura.com\/#organization\",\"name\":\"Hotel Kalura\",\"url\":\"https:\/\/hotelkalura.com\/\",\"logo\":{\"@type\":\"ImageObject\",\"inLanguage\":\"de\",\"@id\":\"https:\/\/hotelkalura.com\/#\/schema\/logo\/image\/\",\"url\":\"https:\/\/hotelkalura.com\/wp-content\/uploads\/2024\/07\/Kalura_marchio.svg\",\"contentUrl\":\"https:\/\/hotelkalura.com\/wp-content\/uploads\/2024\/07\/Kalura_marchio.svg\",\"width\":1330,\"height\":475,\"caption\":\"Hotel Kalura\"},\"image\":{\"@id\":\"https:\/\/hotelkalura.com\/#\/schema\/logo\/image\/\"}}]}<\/script>\n<!-- \/ Yoast SEO plugin. -->","yoast_head_json":{"title":"Yoga-R\u00fcckzug - Hotel Kalura","robots":{"index":"index","follow":"follow","max-snippet":"max-snippet:-1","max-image-preview":"max-image-preview:large","max-video-preview":"max-video-preview:-1"},"canonical":"https:\/\/hotelkalura.com\/de\/evento\/ritiro-di-yoga\/","og_locale":"de_DE","og_type":"article","og_title":"Ritiro di Yoga - Hotel Kalura","og_description":"Con Kristina &amp; Anna Ritiro rilassante con vista mare Ti svegli con il suono delle onde, mentre il sole del mattino fa brillare il mare. Intorno a te il profumo mediterraneo di agrumi e pini, sotto di te la roccia su cui sorge l\u2019elegante hotel \u2013 un rifugio direttamente sul mare della Sicilia settentrionale. Insieme [&hellip;]","og_url":"https:\/\/hotelkalura.com\/de\/evento\/ritiro-di-yoga\/","og_site_name":"Hotel Kalura","article_modified_time":"2025-09-08T14:02:24+00:00","og_image":[{"width":2048,"height":1216,"url":"https:\/\/hotelkalura.com\/wp-content\/uploads\/2022\/10\/yoga-auf-sizilien.jpg","type":"image\/jpeg"}],"twitter_card":"summary_large_image","twitter_misc":{"Gesch\u00e4tzte Lesezeit":"2\u00a0Minuten"},"schema":{"@context":"https:\/\/schema.org","@graph":[{"@type":"WebPage","@id":"https:\/\/hotelkalura.com\/evento\/ritiro-di-yoga\/","url":"https:\/\/hotelkalura.com\/evento\/ritiro-di-yoga\/","name":"Yoga-R\u00fcckzug - Hotel Kalura","isPartOf":{"@id":"https:\/\/hotelkalura.com\/#website"},"primaryImageOfPage":{"@id":"https:\/\/hotelkalura.com\/evento\/ritiro-di-yoga\/#primaryimage"},"image":{"@id":"https:\/\/hotelkalura.com\/evento\/ritiro-di-yoga\/#primaryimage"},"thumbnailUrl":"https:\/\/hotelkalura.com\/wp-content\/uploads\/2022\/10\/yoga-auf-sizilien.jpg","datePublished":"2025-09-08T09:45:27+00:00","dateModified":"2025-09-08T14:02:24+00:00","breadcrumb":{"@id":"https:\/\/hotelkalura.com\/evento\/ritiro-di-yoga\/#breadcrumb"},"inLanguage":"de","potentialAction":[{"@type":"ReadAction","target":["https:\/\/hotelkalura.com\/evento\/ritiro-di-yoga\/"]}]},{"@type":"ImageObject","inLanguage":"de","@id":"https:\/\/hotelkalura.com\/evento\/ritiro-di-yoga\/#primaryimage","url":"https:\/\/hotelkalura.com\/wp-content\/uploads\/2022\/10\/yoga-auf-sizilien.jpg","contentUrl":"https:\/\/hotelkalura.com\/wp-content\/uploads\/2022\/10\/yoga-auf-sizilien.jpg","width":2048,"height":1216},{"@type":"BreadcrumbList","@id":"https:\/\/hotelkalura.com\/evento\/ritiro-di-yoga\/#breadcrumb","itemListElement":[{"@type":"ListItem","position":1,"name":"Home","item":"https:\/\/hotelkalura.com\/"},{"@type":"ListItem","position":2,"name":"Ritiro di Yoga"}]},{"@type":"WebSite","@id":"https:\/\/hotelkalura.com\/#website","url":"https:\/\/hotelkalura.com\/","name":"Hotel Kalura","description":"","publisher":{"@id":"https:\/\/hotelkalura.com\/#organization"},"potentialAction":[{"@type":"SearchAction","target":{"@type":"EntryPoint","urlTemplate":"https:\/\/hotelkalura.com\/?s={search_term_string}"},"query-input":{"@type":"PropertyValueSpecification","valueRequired":true,"valueName":"search_term_string"}}],"inLanguage":"de"},{"@type":"Organization","@id":"https:\/\/hotelkalura.com\/#organization","name":"Hotel Kalura","url":"https:\/\/hotelkalura.com\/","logo":{"@type":"ImageObject","inLanguage":"de","@id":"https:\/\/hotelkalura.com\/#\/schema\/logo\/image\/","url":"https:\/\/hotelkalura.com\/wp-content\/uploads\/2024\/07\/Kalura_marchio.svg","contentUrl":"https:\/\/hotelkalura.com\/wp-content\/uploads\/2024\/07\/Kalura_marchio.svg","width":1330,"height":475,"caption":"Hotel Kalura"},"image":{"@id":"https:\/\/hotelkalura.com\/#\/schema\/logo\/image\/"}}]}},"_links":{"self":[{"href":"https:\/\/hotelkalura.com\/de\/wp-json\/wp\/v2\/evento\/350539","targetHints":{"allow":["GET"]}}],"collection":[{"href":"https:\/\/hotelkalura.com\/de\/wp-json\/wp\/v2\/evento"}],"about":[{"href":"https:\/\/hotelkalura.com\/de\/wp-json\/wp\/v2\/types\/evento"}],"version-history":[{"count":0,"href":"https:\/\/hotelkalura.com\/de\/wp-json\/wp\/v2\/evento\/350539\/revisions"}],"wp:featuredmedia":[{"embeddable":true,"href":"https:\/\/hotelkalura.com\/de\/wp-json\/wp\/v2\/media\/344909"}],"wp:attachment":[{"href":"https:\/\/hotelkalura.com\/de\/wp-json\/wp\/v2\/media?parent=350539"}],"wp:term":[{"taxonomy":"categoria","embeddable":true,"href":"https:\/\/hotelkalura.com\/de\/wp-json\/wp\/v2\/categoria?post=350539"}],"curies":[{"name":"wp","href":"https:\/\/api.w.org\/{rel}","templated":true}]}}