{"id":350578,"date":"2025-10-06T08:32:56","date_gmt":"2025-10-06T08:32:56","guid":{"rendered":"https:\/\/hotelkalura.com\/?post_type=evento&#038;p=350578"},"modified":"2025-10-06T08:37:33","modified_gmt":"2025-10-06T08:37:33","slug":"yoga-per-l-anima","status":"publish","type":"evento","link":"https:\/\/hotelkalura.com\/de\/evento\/yoga-per-l-anima\/","title":{"rendered":"Yoga f\u00fcr die Seele"},"content":{"rendered":"<div data-elementor-type=\"wp-post\" data-elementor-id=\"350578\" class=\"elementor elementor-350578\" data-elementor-post-type=\"evento\">\n\t\t\t\t\t\t<section class=\"elementor-section elementor-top-section elementor-element elementor-element-2cb7b3c0 elementor-section-content-middle elementor-section-boxed elementor-section-height-default elementor-section-height-default\" data-id=\"2cb7b3c0\" data-element_type=\"section\" data-e-type=\"section\">\n\t\t\t\t\t\t<div class=\"elementor-container elementor-column-gap-default\">\n\t\t\t\t\t<div class=\"elementor-column elementor-col-50 elementor-top-column elementor-element elementor-element-5989d423\" data-id=\"5989d423\" data-element_type=\"column\" data-e-type=\"column\">\n\t\t\t<div class=\"elementor-widget-wrap elementor-element-populated\">\n\t\t\t\t\t\t<div class=\"elementor-element elementor-element-6d894ed elementor-widget elementor-widget-text-editor\" data-id=\"6d894ed\" data-element_type=\"widget\" data-e-type=\"widget\" data-widget_type=\"text-editor.default\">\n\t\t\t\t<div class=\"elementor-widget-container\">\n\t\t\t\t\t\t\t\t\t<h3>Mit Gabriele<\/h3><h2>Yoga-Ferien in Sizilien<\/h2><p data-start=\"0\" data-end=\"142\">Tauchen Sie ein in die Ruhe und Sch\u00f6nheit Siziliens mit einer unvergesslichen Yogareise mit Gabriele!<br \/>Nutzen Sie die perfekte Gelegenheit, eine Woche im Hotel Kalura in Cefal\u00f9 zu verbringen, einem bezaubernden Ort, an dem K\u00f6rper und Geist in Einklang kommen.<br \/>Zwischen Bergen und azurblauem Meer, mit atemberaubender Aussicht und exklusivem Zugang zum Strand, ist dieses Yoga-Retreat genau das, was Ihre Seele begehrt. Entdecken Sie lokale K\u00f6stlichkeiten, erkunden Sie die faszinierenden Gassen von Cefal\u00f9 und lassen Sie sich von Gabriele durch verschiedene Yogastile f\u00fchren, die sowohl f\u00fcr Anf\u00e4nger als auch f\u00fcr erfahrene Praktizierende geeignet sind.<br \/>Diese Yogareise nach Sizilien wird nicht nur Ihre Praxis vertiefen, sondern auch bleibende Erinnerungen schaffen. Lesen Sie weiter, um alle Details dieser einzigartigen Erfahrung zu erfahren und melden Sie sich noch heute an!<\/p>\t\t\t\t\t\t\t\t<\/div>\n\t\t\t\t<\/div>\n\t\t\t\t<div class=\"elementor-element elementor-element-bd1f783 elementor-align-left e-transform elementor-tablet-align-left elementor-mobile-align-center elementor-widget elementor-widget-button\" data-id=\"bd1f783\" data-element_type=\"widget\" data-e-type=\"widget\" data-settings=\"{&quot;_transform_translateX_effect_hover&quot;:{&quot;unit&quot;:&quot;px&quot;,&quot;size&quot;:5,&quot;sizes&quot;:[]},&quot;_transform_translateX_effect_hover_tablet&quot;:{&quot;unit&quot;:&quot;px&quot;,&quot;size&quot;:&quot;&quot;,&quot;sizes&quot;:[]},&quot;_transform_translateX_effect_hover_mobile&quot;:{&quot;unit&quot;:&quot;px&quot;,&quot;size&quot;:&quot;&quot;,&quot;sizes&quot;:[]},&quot;_transform_translateY_effect_hover&quot;:{&quot;unit&quot;:&quot;px&quot;,&quot;size&quot;:&quot;&quot;,&quot;sizes&quot;:[]},&quot;_transform_translateY_effect_hover_tablet&quot;:{&quot;unit&quot;:&quot;px&quot;,&quot;size&quot;:&quot;&quot;,&quot;sizes&quot;:[]},&quot;_transform_translateY_effect_hover_mobile&quot;:{&quot;unit&quot;:&quot;px&quot;,&quot;size&quot;:&quot;&quot;,&quot;sizes&quot;:[]}}\" data-widget_type=\"button.default\">\n\t\t\t\t<div class=\"elementor-widget-container\">\n\t\t\t\t\t\t\t\t\t<div class=\"elementor-button-wrapper\">\n\t\t\t\t\t<a class=\"elementor-button elementor-button-link elementor-size-sm\" href=\"https:\/\/yoga-atmen-und-mehr.de\/yoga-auf-sizilien\/\">\n\t\t\t\t\t\t<span class=\"elementor-button-content-wrapper\">\n\t\t\t\t\t\t\t\t\t<span class=\"elementor-button-text\">F\u00fcr die Veranstaltung anmelden<\/span>\n\t\t\t\t\t<\/span>\n\t\t\t\t\t<\/a>\n\t\t\t\t<\/div>\n\t\t\t\t\t\t\t\t<\/div>\n\t\t\t\t<\/div>\n\t\t\t\t\t<\/div>\n\t\t<\/div>\n\t\t\t\t<div class=\"elementor-column elementor-col-50 elementor-top-column elementor-element elementor-element-64aef2b7\" data-id=\"64aef2b7\" data-element_type=\"column\" data-e-type=\"column\">\n\t\t\t<div class=\"elementor-widget-wrap elementor-element-populated\">\n\t\t\t\t\t\t<div class=\"elementor-element elementor-element-7f84ae6c elementor-widget elementor-widget-image\" data-id=\"7f84ae6c\" data-element_type=\"widget\" data-e-type=\"widget\" data-widget_type=\"image.default\">\n\t\t\t\t<div class=\"elementor-widget-container\">\n\t\t\t\t\t\t\t\t\t\t\t\t\t\t\t<img fetchpriority=\"high\" decoding=\"async\" width=\"1013\" height=\"675\" src=\"https:\/\/hotelkalura.com\/wp-content\/uploads\/2025\/09\/nia-technique-retreat-sicily.jpg\" class=\"attachment-full size-full wp-image-350568\" alt=\"\" srcset=\"https:\/\/hotelkalura.com\/wp-content\/uploads\/2025\/09\/nia-technique-retreat-sicily.jpg 1013w, https:\/\/hotelkalura.com\/wp-content\/uploads\/2025\/09\/nia-technique-retreat-sicily-300x200.jpg 300w, https:\/\/hotelkalura.com\/wp-content\/uploads\/2025\/09\/nia-technique-retreat-sicily-768x512.jpg 768w, https:\/\/hotelkalura.com\/wp-content\/uploads\/2025\/09\/nia-technique-retreat-sicily-18x12.jpg 18w\" sizes=\"(max-width: 1013px) 100vw, 1013px\" \/>\t\t\t\t\t\t\t\t\t\t\t\t\t\t\t<\/div>\n\t\t\t\t<\/div>\n\t\t\t\t\t<\/div>\n\t\t<\/div>\n\t\t\t\t\t<\/div>\n\t\t<\/section>\n\t\t\t\t<section class=\"elementor-section elementor-top-section elementor-element elementor-element-fcecdbf elementor-section-boxed elementor-section-height-default elementor-section-height-default\" data-id=\"fcecdbf\" data-element_type=\"section\" data-e-type=\"section\">\n\t\t\t\t\t\t<div class=\"elementor-container elementor-column-gap-default\">\n\t\t\t\t\t<div class=\"elementor-column elementor-col-100 elementor-top-column elementor-element elementor-element-624f70b\" data-id=\"624f70b\" data-element_type=\"column\" data-e-type=\"column\">\n\t\t\t<div class=\"elementor-widget-wrap elementor-element-populated\">\n\t\t\t\t\t\t<div class=\"elementor-element elementor-element-434cca4 elementor-widget elementor-widget-text-editor\" data-id=\"434cca4\" data-element_type=\"widget\" data-e-type=\"widget\" data-widget_type=\"text-editor.default\">\n\t\t\t\t<div class=\"elementor-widget-container\">\n\t\t\t\t\t\t\t\t\t<h2>Kontakt<\/h2><p><strong>E-Mail:<\/strong> <a href=\"mailto:gabriele@yoga-atem-und-mehr.de\" data-rich-text-format-boundary=\"true\">gabriele@yoga-atem-und-mehr.de<\/a><\/p>\t\t\t\t\t\t\t\t<\/div>\n\t\t\t\t<\/div>\n\t\t\t\t\t<\/div>\n\t\t<\/div>\n\t\t\t\t\t<\/div>\n\t\t<\/section>\n\t\t\t\t<\/div>","protected":false},"featured_media":349022,"menu_order":0,"template":"","meta":{"_acf_changed":false},"categoria":[22],"class_list":["post-350578","evento","type-evento","status-publish","has-post-thumbnail","hentry","categoria-yoga"],"acf":[],"yoast_head":"<!-- This site is optimized with the Yoast SEO plugin v26.9 - https:\/\/yoast.com\/product\/yoast-seo-wordpress\/ -->\n<title>Yoga per l&#039;anima - Hotel Kalura<\/title>\n<meta name=\"robots\" content=\"index, follow, max-snippet:-1, max-image-preview:large, max-video-preview:-1\" \/>\n<link rel=\"canonical\" href=\"https:\/\/hotelkalura.com\/de\/evento\/yoga-per-l-anima\/\" \/>\n<meta property=\"og:locale\" content=\"de_DE\" \/>\n<meta property=\"og:type\" content=\"article\" \/>\n<meta property=\"og:title\" content=\"Yoga per l&#039;anima - Hotel Kalura\" \/>\n<meta property=\"og:description\" content=\"Con Gabriele Vacanze di Yoga in Sicilia Immergiti nella tranquillit\u00e0 e nella bellezza della Sicilia con un indimenticabile viaggio yoga insieme a Gabriele!Cogli l\u2019occasione perfetta per trascorrere una settimana all\u2019Hotel Kalura di Cefal\u00f9, un luogo incantevole dove corpo e mente ritrovano armonia.Tra montagne e mare color azzurro, con una vista mozzafiato e accesso esclusivo alla [&hellip;]\" \/>\n<meta property=\"og:url\" content=\"https:\/\/hotelkalura.com\/de\/evento\/yoga-per-l-anima\/\" \/>\n<meta property=\"og:site_name\" content=\"Hotel Kalura\" \/>\n<meta property=\"article:modified_time\" content=\"2025-10-06T08:37:33+00:00\" \/>\n<meta property=\"og:image\" content=\"https:\/\/hotelkalura.com\/wp-content\/uploads\/2024\/11\/divesite-cefalu-min.jpg\" \/>\n\t<meta property=\"og:image:width\" content=\"1000\" \/>\n\t<meta property=\"og:image:height\" content=\"817\" \/>\n\t<meta property=\"og:image:type\" content=\"image\/jpeg\" \/>\n<meta name=\"twitter:card\" content=\"summary_large_image\" \/>\n<meta name=\"twitter:label1\" content=\"Gesch\u00e4tzte Lesezeit\" \/>\n\t<meta name=\"twitter:data1\" content=\"1\u00a0Minute\" \/>\n<script type=\"application\/ld+json\" class=\"yoast-schema-graph\">{\"@context\":\"https:\/\/schema.org\",\"@graph\":[{\"@type\":\"WebPage\",\"@id\":\"https:\/\/hotelkalura.com\/evento\/yoga-per-l-anima\/\",\"url\":\"https:\/\/hotelkalura.com\/evento\/yoga-per-l-anima\/\",\"name\":\"Yoga per l'anima - Hotel Kalura\",\"isPartOf\":{\"@id\":\"https:\/\/hotelkalura.com\/#website\"},\"primaryImageOfPage\":{\"@id\":\"https:\/\/hotelkalura.com\/evento\/yoga-per-l-anima\/#primaryimage\"},\"image\":{\"@id\":\"https:\/\/hotelkalura.com\/evento\/yoga-per-l-anima\/#primaryimage\"},\"thumbnailUrl\":\"https:\/\/hotelkalura.com\/wp-content\/uploads\/2024\/11\/divesite-cefalu-min.jpg\",\"datePublished\":\"2025-10-06T08:32:56+00:00\",\"dateModified\":\"2025-10-06T08:37:33+00:00\",\"breadcrumb\":{\"@id\":\"https:\/\/hotelkalura.com\/evento\/yoga-per-l-anima\/#breadcrumb\"},\"inLanguage\":\"de\",\"potentialAction\":[{\"@type\":\"ReadAction\",\"target\":[\"https:\/\/hotelkalura.com\/evento\/yoga-per-l-anima\/\"]}]},{\"@type\":\"ImageObject\",\"inLanguage\":\"de\",\"@id\":\"https:\/\/hotelkalura.com\/evento\/yoga-per-l-anima\/#primaryimage\",\"url\":\"https:\/\/hotelkalura.com\/wp-content\/uploads\/2024\/11\/divesite-cefalu-min.jpg\",\"contentUrl\":\"https:\/\/hotelkalura.com\/wp-content\/uploads\/2024\/11\/divesite-cefalu-min.jpg\",\"width\":1000,\"height\":817},{\"@type\":\"BreadcrumbList\",\"@id\":\"https:\/\/hotelkalura.com\/evento\/yoga-per-l-anima\/#breadcrumb\",\"itemListElement\":[{\"@type\":\"ListItem\",\"position\":1,\"name\":\"Home\",\"item\":\"https:\/\/hotelkalura.com\/\"},{\"@type\":\"ListItem\",\"position\":2,\"name\":\"Yoga per l&#8217;anima\"}]},{\"@type\":\"WebSite\",\"@id\":\"https:\/\/hotelkalura.com\/#website\",\"url\":\"https:\/\/hotelkalura.com\/\",\"name\":\"Hotel Kalura\",\"description\":\"\",\"publisher\":{\"@id\":\"https:\/\/hotelkalura.com\/#organization\"},\"potentialAction\":[{\"@type\":\"SearchAction\",\"target\":{\"@type\":\"EntryPoint\",\"urlTemplate\":\"https:\/\/hotelkalura.com\/?s={search_term_string}\"},\"query-input\":{\"@type\":\"PropertyValueSpecification\",\"valueRequired\":true,\"valueName\":\"search_term_string\"}}],\"inLanguage\":\"de\"},{\"@type\":\"Organization\",\"@id\":\"https:\/\/hotelkalura.com\/#organization\",\"name\":\"Hotel Kalura\",\"url\":\"https:\/\/hotelkalura.com\/\",\"logo\":{\"@type\":\"ImageObject\",\"inLanguage\":\"de\",\"@id\":\"https:\/\/hotelkalura.com\/#\/schema\/logo\/image\/\",\"url\":\"https:\/\/hotelkalura.com\/wp-content\/uploads\/2024\/07\/Kalura_marchio.svg\",\"contentUrl\":\"https:\/\/hotelkalura.com\/wp-content\/uploads\/2024\/07\/Kalura_marchio.svg\",\"width\":1330,\"height\":475,\"caption\":\"Hotel Kalura\"},\"image\":{\"@id\":\"https:\/\/hotelkalura.com\/#\/schema\/logo\/image\/\"}}]}<\/script>\n<!-- \/ Yoast SEO plugin. -->","yoast_head_json":{"title":"Yoga f\u00fcr die Seele - Hotel Kalura","robots":{"index":"index","follow":"follow","max-snippet":"max-snippet:-1","max-image-preview":"max-image-preview:large","max-video-preview":"max-video-preview:-1"},"canonical":"https:\/\/hotelkalura.com\/de\/evento\/yoga-per-l-anima\/","og_locale":"de_DE","og_type":"article","og_title":"Yoga per l'anima - Hotel Kalura","og_description":"Con Gabriele Vacanze di Yoga in Sicilia Immergiti nella tranquillit\u00e0 e nella bellezza della Sicilia con un indimenticabile viaggio yoga insieme a Gabriele!Cogli l\u2019occasione perfetta per trascorrere una settimana all\u2019Hotel Kalura di Cefal\u00f9, un luogo incantevole dove corpo e mente ritrovano armonia.Tra montagne e mare color azzurro, con una vista mozzafiato e accesso esclusivo alla [&hellip;]","og_url":"https:\/\/hotelkalura.com\/de\/evento\/yoga-per-l-anima\/","og_site_name":"Hotel Kalura","article_modified_time":"2025-10-06T08:37:33+00:00","og_image":[{"width":1000,"height":817,"url":"https:\/\/hotelkalura.com\/wp-content\/uploads\/2024\/11\/divesite-cefalu-min.jpg","type":"image\/jpeg"}],"twitter_card":"summary_large_image","twitter_misc":{"Gesch\u00e4tzte Lesezeit":"1\u00a0Minute"},"schema":{"@context":"https:\/\/schema.org","@graph":[{"@type":"WebPage","@id":"https:\/\/hotelkalura.com\/evento\/yoga-per-l-anima\/","url":"https:\/\/hotelkalura.com\/evento\/yoga-per-l-anima\/","name":"Yoga f\u00fcr die Seele - Hotel Kalura","isPartOf":{"@id":"https:\/\/hotelkalura.com\/#website"},"primaryImageOfPage":{"@id":"https:\/\/hotelkalura.com\/evento\/yoga-per-l-anima\/#primaryimage"},"image":{"@id":"https:\/\/hotelkalura.com\/evento\/yoga-per-l-anima\/#primaryimage"},"thumbnailUrl":"https:\/\/hotelkalura.com\/wp-content\/uploads\/2024\/11\/divesite-cefalu-min.jpg","datePublished":"2025-10-06T08:32:56+00:00","dateModified":"2025-10-06T08:37:33+00:00","breadcrumb":{"@id":"https:\/\/hotelkalura.com\/evento\/yoga-per-l-anima\/#breadcrumb"},"inLanguage":"de","potentialAction":[{"@type":"ReadAction","target":["https:\/\/hotelkalura.com\/evento\/yoga-per-l-anima\/"]}]},{"@type":"ImageObject","inLanguage":"de","@id":"https:\/\/hotelkalura.com\/evento\/yoga-per-l-anima\/#primaryimage","url":"https:\/\/hotelkalura.com\/wp-content\/uploads\/2024\/11\/divesite-cefalu-min.jpg","contentUrl":"https:\/\/hotelkalura.com\/wp-content\/uploads\/2024\/11\/divesite-cefalu-min.jpg","width":1000,"height":817},{"@type":"BreadcrumbList","@id":"https:\/\/hotelkalura.com\/evento\/yoga-per-l-anima\/#breadcrumb","itemListElement":[{"@type":"ListItem","position":1,"name":"Home","item":"https:\/\/hotelkalura.com\/"},{"@type":"ListItem","position":2,"name":"Yoga per l&#8217;anima"}]},{"@type":"WebSite","@id":"https:\/\/hotelkalura.com\/#website","url":"https:\/\/hotelkalura.com\/","name":"Hotel Kalura","description":"","publisher":{"@id":"https:\/\/hotelkalura.com\/#organization"},"potentialAction":[{"@type":"SearchAction","target":{"@type":"EntryPoint","urlTemplate":"https:\/\/hotelkalura.com\/?s={search_term_string}"},"query-input":{"@type":"PropertyValueSpecification","valueRequired":true,"valueName":"search_term_string"}}],"inLanguage":"de"},{"@type":"Organization","@id":"https:\/\/hotelkalura.com\/#organization","name":"Hotel Kalura","url":"https:\/\/hotelkalura.com\/","logo":{"@type":"ImageObject","inLanguage":"de","@id":"https:\/\/hotelkalura.com\/#\/schema\/logo\/image\/","url":"https:\/\/hotelkalura.com\/wp-content\/uploads\/2024\/07\/Kalura_marchio.svg","contentUrl":"https:\/\/hotelkalura.com\/wp-content\/uploads\/2024\/07\/Kalura_marchio.svg","width":1330,"height":475,"caption":"Hotel Kalura"},"image":{"@id":"https:\/\/hotelkalura.com\/#\/schema\/logo\/image\/"}}]}},"_links":{"self":[{"href":"https:\/\/hotelkalura.com\/de\/wp-json\/wp\/v2\/evento\/350578","targetHints":{"allow":["GET"]}}],"collection":[{"href":"https:\/\/hotelkalura.com\/de\/wp-json\/wp\/v2\/evento"}],"about":[{"href":"https:\/\/hotelkalura.com\/de\/wp-json\/wp\/v2\/types\/evento"}],"version-history":[{"count":0,"href":"https:\/\/hotelkalura.com\/de\/wp-json\/wp\/v2\/evento\/350578\/revisions"}],"wp:featuredmedia":[{"embeddable":true,"href":"https:\/\/hotelkalura.com\/de\/wp-json\/wp\/v2\/media\/349022"}],"wp:attachment":[{"href":"https:\/\/hotelkalura.com\/de\/wp-json\/wp\/v2\/media?parent=350578"}],"wp:term":[{"taxonomy":"categoria","embeddable":true,"href":"https:\/\/hotelkalura.com\/de\/wp-json\/wp\/v2\/categoria?post=350578"}],"curies":[{"name":"wp","href":"https:\/\/api.w.org\/{rel}","templated":true}]}}